{"id":126,"date":"2023-10-04T19:13:36","date_gmt":"2023-10-04T17:13:36","guid":{"rendered":"https:\/\/lessartsdelimoy.be\/?page_id=126"},"modified":"2023-11-11T22:29:05","modified_gmt":"2023-11-11T21:29:05","slug":"la-region-et-ses-activites","status":"publish","type":"page","link":"https:\/\/lessartsdelimoy.be\/index.php\/la-region-et-ses-activites\/","title":{"rendered":"La r\u00e9gion et ses activit\u00e9s"},"content":{"rendered":"\n<p>Nombreux \u00e9v\u00e8nements tout au long de l&rsquo;ann\u00e9e \u00e0 Namur, Dinant, Marche-en-Famenne et Andenne<\/p>\n\n\n\n<p><a href=\"https:\/\/citadelle.namur.be\/fr\">Citadelle de Namur<\/a> \u00e0 11 km<\/p>\n\n\n\n<p><a href=\"https:\/\/www.citadellededinant.be\/fr\/\">Citadelle\u00a0 de Dinant<\/a> \u00e0 34 km<\/p>\n\n\n\n<p><a href=\"https:\/\/www.ceramandenne.be\/\">Mus\u00e9e de la c\u00e9ramique \u00e0\u00a0 Andenne <\/a>\u00e0 15 km<\/p>\n\n\n\n<p>Grottes de <a href=\"http:\/\/www.excursion.be\/sites-touristiques\/les-grottes-de-goyet\/\">Goyet<\/a> et \u00a0la <a href=\"https:\/\/www.scladina.be\/\">Scladina \u00e0 Sclayn<\/a><\/p>\n\n\n\n<p><a href=\"https:\/\/ravel.wallonie.be\/home\/itineraires\/international\/la-meuse-a-velo.html\">Ravels le long de la Meuse <\/a>et de la Sambre \u00e0 proximit\u00e9<\/p>\n\n\n\n<p><a href=\"https:\/\/abbayenotredameduvivier.be\/\">Abbaye Notre-Dame du Vivier<\/a> \u00e0 Marche les Dame<\/p>\n\n\n\n<p>Abbaye de <a href=\"https:\/\/tourisme-maredsous.be\/\">Maredesous<\/a> et de <a href=\"https:\/\/www.accueil-abbaye-maredret.info\/\">Maredret<\/a><\/p>\n\n\n\n<p><a href=\"https:\/\/www.abbaye-de-floreffe.be\/\">Abbaye et brasserie de Floreffe<\/a><\/p>\n\n\n\n<p>Nombreux ch\u00e2teaux dans la r\u00e9gion : <a href=\"http:\/\/www.annevoie.be\/fr\/\">ch\u00e2teau et jardins d&rsquo;Annevoie<\/a>, <a href=\"https:\/\/beauxvillages.be\/decouvertes\/chateau-de-mozet\/\">ch\u00e2teau de Mozet<\/a>, <a href=\"http:\/\/www.gesves.be\/faulx-les-tombes\/\">Faulx-les-Tombes<\/a>, <a href=\"https:\/\/www.fernelmont.be\/loisirs\/tourisme\/a-visiter\/chateaux\">Fernelmont,<\/a> <a href=\"https:\/\/connaitrelawallonie.wallonie.be\/fr\/culture-et-patrimoine\/patrimoine\/chateau-de-dave-et-son-parc\">Dave,<\/a> <a href=\"http:\/\/www.valleedusamson.be\/index.php\/vallee-du-samson\/faulx-les-tombes\/le-chateau-darville\">Arville<\/a>, <a href=\"https:\/\/www.chateaudecourriere.be\/\">Courri\u00e8re<\/a>, <a href=\"https:\/\/www.andennetourisme.be\/entity\/chateau-de-bonneville\/\">Bonneville<\/a>, <a href=\"http:\/\/www.chateau-fort-manoir-chateau.eu\/chateaux-province-namur-chateau-de-fooz-wepion.html\">Fooz<\/a>, <a href=\"https:\/\/chateau-veves.be\/\">V\u00eaves<\/a>,\u00a0<a href=\"https:\/\/chateau-fort-de-montaigle.be\/\">Ruine du Ch\u00e2teau de Montaigle<\/a> et de <a href=\"http:\/\/www.poilvache.be\/\">Poilvache<\/a><\/p>\n\n\n\n<p>Villages typiques du Condroz : Mozet, Maizeret, Thon-Samson, Goyet, Gesves<\/p>\n\n\n\n<p>Nombreuses\u00a0 balades \u00e0 pied ou \u00e0 v\u00e9lo dans les magnifiques campagnes et bois alentours Mozet, Gesves, Marche-les-Dames, Freyr, Yvoir.<br>Cartes de randonn\u00e9es p\u00e9destres et balades en v\u00e9lo \u00e0 votre disposition dans le g\u00eete.<\/p>\n\n\n\n<p>Envie d&rsquo;une balade insolite dans la nature ?<br>\u00ab\u00a0<a href=\"https:\/\/sentiersdart.be\/\">Sentier d&rsquo;Art en Condroz-Famenne<\/a>\u00ab\u00a0, circuit de grande randonn\u00e9e, s&rsquo;\u00e9tend sur pr\u00e8s de 155 km sur les communes de Assesse, Ciney, Gesves, Hamois, Havelange, Ohey, Somme-Leuze. Il est ponctu\u00e9 de plus de 55 oeuvres d&rsquo;art dans la nature. <\/p>\n","protected":false},"excerpt":{"rendered":"<p>Nombreux \u00e9v\u00e8nements tout au long de l&rsquo;ann\u00e9e \u00e0 Namur, Dinant, Marche-en-Famenne et Andenne Citadelle de Namur \u00e0 11 km Citadelle\u00a0 de Dinant \u00e0 34 km Mus\u00e9e de la c\u00e9ramique \u00e0\u00a0 Andenne \u00e0 15 km Grottes de Goyet et \u00a0la Scladina \u00e0 Sclayn Ravels le long de la Meuse et de la Sambre \u00e0 proximit\u00e9 Abbaye &hellip; <\/p>\n<p class=\"link-more\"><a href=\"https:\/\/lessartsdelimoy.be\/index.php\/la-region-et-ses-activites\/\" class=\"more-link\">Continuer la lecture<span class=\"screen-reader-text\"> de &laquo;&nbsp;La r\u00e9gion et ses activit\u00e9s&nbsp;&raquo;<\/span><\/a><\/p>\n","protected":false},"author":1,"featured_media":0,"parent":0,"menu_order":0,"comment_status":"closed","ping_status":"closed","template":"","meta":{"ngg_post_thumbnail":0,"footnotes":""},"class_list":["post-126","page","type-page","status-publish","hentry"],"aioseo_notices":[],"_links":{"self":[{"href":"https:\/\/lessartsdelimoy.be\/index.php\/wp-json\/wp\/v2\/pages\/126","targetHints":{"allow":["GET"]}}],"collection":[{"href":"https:\/\/lessartsdelimoy.be\/index.php\/wp-json\/wp\/v2\/pages"}],"about":[{"href":"https:\/\/lessartsdelimoy.be\/index.php\/wp-json\/wp\/v2\/types\/page"}],"author":[{"embeddable":true,"href":"https:\/\/lessartsdelimoy.be\/index.php\/wp-json\/wp\/v2\/users\/1"}],"replies":[{"embeddable":true,"href":"https:\/\/lessartsdelimoy.be\/index.php\/wp-json\/wp\/v2\/comments?post=126"}],"version-history":[{"count":7,"href":"https:\/\/lessartsdelimoy.be\/index.php\/wp-json\/wp\/v2\/pages\/126\/revisions"}],"predecessor-version":[{"id":406,"href":"https:\/\/lessartsdelimoy.be\/index.php\/wp-json\/wp\/v2\/pages\/126\/revisions\/406"}],"wp:attachment":[{"href":"https:\/\/lessartsdelimoy.be\/index.php\/wp-json\/wp\/v2\/media?parent=126"}],"curies":[{"name":"wp","href":"https:\/\/api.w.org\/{rel}","templated":true}]}}